{"version":"1.0","provider_name":"Fundaci\u00f3n Magtel","provider_url":"https:\/\/fundacionmagtel.es\/en\/","title":"El delegado de Empleo de la Junta de Andaluc\u00eda en C\u00f3rdoba, \u00c1ngel Herrador, visita el proyecto Terapiam de Fundaci\u00f3n Magtel - Fundaci\u00f3n Magtel","type":"rich","width":600,"height":338,"html":"<blockquote class=\"wp-embedded-content\" data-secret=\"pGza12HoUj\"><a href=\"https:\/\/fundacionmagtel.es\/en\/visita-delegado-empleo-fundacion-magtel\/\">El delegado de Empleo de la Junta de Andaluc\u00eda en C\u00f3rdoba, \u00c1ngel Herrador, visita el proyecto Terapiam de Fundaci\u00f3n Magtel<\/a><\/blockquote><iframe sandbox=\"allow-scripts\" security=\"restricted\" src=\"https:\/\/fundacionmagtel.es\/en\/visita-delegado-empleo-fundacion-magtel\/embed\/#?secret=pGza12HoUj\" width=\"600\" height=\"338\" title=\"&#8220;El delegado de Empleo de la Junta de Andaluc\u00eda en C\u00f3rdoba, \u00c1ngel Herrador, visita el proyecto Terapiam de Fundaci\u00f3n Magtel&#8221; &#8212; Fundaci\u00f3n Magtel\" data-secret=\"pGza12HoUj\" frameborder=\"0\" marginwidth=\"0\" marginheight=\"0\" scrolling=\"no\" class=\"wp-embedded-content\"><\/iframe><script>\n\/*! This file is auto-generated *\/\n!function(d,l){\"use strict\";l.querySelector&&d.addEventListener&&\"undefined\"!=typeof URL&&(d.wp=d.wp||{},d.wp.receiveEmbedMessage||(d.wp.receiveEmbedMessage=function(e){var t=e.data;if((t||t.secret||t.message||t.value)&&!\/[^a-zA-Z0-9]\/.test(t.secret)){for(var s,r,n,a=l.querySelectorAll('iframe[data-secret=\"'+t.secret+'\"]'),o=l.querySelectorAll('blockquote[data-secret=\"'+t.secret+'\"]'),c=new RegExp(\"^https?:$\",\"i\"),i=0;i<o.length;i++)o[i].style.display=\"none\";for(i=0;i<a.length;i++)s=a[i],e.source===s.contentWindow&&(s.removeAttribute(\"style\"),\"height\"===t.message?(1e3<(r=parseInt(t.value,10))?r=1e3:~~r<200&&(r=200),s.height=r):\"link\"===t.message&&(r=new URL(s.getAttribute(\"src\")),n=new URL(t.value),c.test(n.protocol))&&n.host===r.host&&l.activeElement===s&&(d.top.location.href=t.value))}},d.addEventListener(\"message\",d.wp.receiveEmbedMessage,!1),l.addEventListener(\"DOMContentLoaded\",function(){for(var e,t,s=l.querySelectorAll(\"iframe.wp-embedded-content\"),r=0;r<s.length;r++)(t=(e=s[r]).getAttribute(\"data-secret\"))||(t=Math.random().toString(36).substring(2,12),e.src+=\"#?secret=\"+t,e.setAttribute(\"data-secret\",t)),e.contentWindow.postMessage({message:\"ready\",secret:t},\"*\")},!1)))}(window,document);\n\/\/# sourceURL=https:\/\/fundacionmagtel.es\/wp-includes\/js\/wp-embed.min.js\n<\/script>\n","thumbnail_url":"https:\/\/fundacionmagtel.es\/wp-content\/uploads\/2020\/07\/visita-Fundacion-delegado-empleo.jpg","thumbnail_width":1281,"thumbnail_height":480,"description":"La instituci\u00f3n desarrolla \u2018Terapiam 3.0\u2019 gracias a un proyecto de Inter\u00e9s General y Social de la Consejer\u00eda de Empleo que ha insertado a cinco personas El delegado de Empleo, Formaci\u00f3n, Trabajo Aut\u00f3nomo, Econom\u00eda, Conocimiento, Empresas y Universidad, \u00c1ngel Herrador, ha visitado esta ma\u00f1ana la empresa Magtel para mantener un encuentro con las personas contratadas gracias &hellip; Continue reading \"\""}