{"version":"1.0","provider_name":"Fundaci\u00f3n Magtel","provider_url":"https:\/\/fundacionmagtel.es\/en\/","title":"AFA tackles the future of the Andalusian foundation sector at a new meeting in Malaga - Fundaci\u00f3n Magtel","type":"rich","width":600,"height":338,"html":"<blockquote class=\"wp-embedded-content\" data-secret=\"MptOnXWUy0\"><a href=\"https:\/\/fundacionmagtel.es\/en\/afa-malaga-2023\/\">AFA tackles the future of the Andalusian foundation sector at a new meeting in Malaga<\/a><\/blockquote><iframe sandbox=\"allow-scripts\" security=\"restricted\" src=\"https:\/\/fundacionmagtel.es\/en\/afa-malaga-2023\/embed\/#?secret=MptOnXWUy0\" width=\"600\" height=\"338\" title=\"&#8220;AFA tackles the future of the Andalusian foundation sector at a new meeting in Malaga&#8221; &#8212; Fundaci\u00f3n Magtel\" data-secret=\"MptOnXWUy0\" frameborder=\"0\" marginwidth=\"0\" marginheight=\"0\" scrolling=\"no\" class=\"wp-embedded-content\"><\/iframe><script>\n\/*! This file is auto-generated *\/\n!function(d,l){\"use strict\";l.querySelector&&d.addEventListener&&\"undefined\"!=typeof URL&&(d.wp=d.wp||{},d.wp.receiveEmbedMessage||(d.wp.receiveEmbedMessage=function(e){var t=e.data;if((t||t.secret||t.message||t.value)&&!\/[^a-zA-Z0-9]\/.test(t.secret)){for(var s,r,n,a=l.querySelectorAll('iframe[data-secret=\"'+t.secret+'\"]'),o=l.querySelectorAll('blockquote[data-secret=\"'+t.secret+'\"]'),c=new RegExp(\"^https?:$\",\"i\"),i=0;i<o.length;i++)o[i].style.display=\"none\";for(i=0;i<a.length;i++)s=a[i],e.source===s.contentWindow&&(s.removeAttribute(\"style\"),\"height\"===t.message?(1e3<(r=parseInt(t.value,10))?r=1e3:~~r<200&&(r=200),s.height=r):\"link\"===t.message&&(r=new URL(s.getAttribute(\"src\")),n=new URL(t.value),c.test(n.protocol))&&n.host===r.host&&l.activeElement===s&&(d.top.location.href=t.value))}},d.addEventListener(\"message\",d.wp.receiveEmbedMessage,!1),l.addEventListener(\"DOMContentLoaded\",function(){for(var e,t,s=l.querySelectorAll(\"iframe.wp-embedded-content\"),r=0;r<s.length;r++)(t=(e=s[r]).getAttribute(\"data-secret\"))||(t=Math.random().toString(36).substring(2,12),e.src+=\"#?secret=\"+t,e.setAttribute(\"data-secret\",t)),e.contentWindow.postMessage({message:\"ready\",secret:t},\"*\")},!1)))}(window,document);\n\/\/# sourceURL=https:\/\/fundacionmagtel.es\/wp-includes\/js\/wp-embed.min.js\n<\/script>\n","thumbnail_url":"https:\/\/fundacionmagtel.es\/wp-content\/uploads\/2023\/02\/Foto-Junta-Directiva-AFA-web.jpg","thumbnail_width":1225,"thumbnail_height":430,"description":"The president of Fundaci\u00f3n Magtel and secretary of the Board of Directors of the Andalusian Associations and Foundations, Auxiliadora L\u00f3pez Magdaleno, took part in the meeting The headquarters of the Fundaci\u00f3n Palacio de Villal\u00f3n in Malaga has hosted a new meeting of the Asociaciones y Fundaciones Andaluzas (AFA)the event included a breakfast conference entitled\u00a0&#8220;10 reasons &hellip; Continue reading \"\""}